{"id":2870,"date":"2018-12-23T00:13:50","date_gmt":"2018-12-22T23:13:50","guid":{"rendered":"https:\/\/articulo30.org\/politica-defensa\/?page_id=2870"},"modified":"2022-11-29T13:44:26","modified_gmt":"2022-11-29T12:44:26","slug":"seguridad-nacional","status":"publish","type":"page","link":"https:\/\/articulo30.org\/politica-defensa\/seguridad-nacional\/","title":{"rendered":"Seguridad nacional"},"content":{"rendered":"\n<div class=\"wrapper-posts box-recent type-pagination layout-list\" data-layout=\"list\" data-paged=\"5\" data-col=\"col-xs-12 col-1\" data-cat=\"seguridad nacional\" data-number=\"8\" data-ads=\"large-rectangle\">\n            <div class=\"box-title clearfix\">\n            <h2 class=\"title-left\">Seguridad Nacional<\/h2>\n                    <\/div>\n        <span class=\"agr-loading\"><\/span>\n    <div class=\"tab-content\">\n        <div id=\"allCat\" class=\"archive-blog affect-isotope row active description-show\">\n                            \n                        <div class=\"col-item col-xs-12 col-1\">\n                            <article  class=\"post-item post-list clearfix post-6683 post type-post status-publish format-standard has-post-thumbnail hentry category-ciberseguridad category-policy-papers category-seguridad-nacional tag-ciberseguridad tag-espana tag-estrategia-seguridad-nacional tag-geopolitica tag-naval--armada tag-otan tag-tecnologia tag-union-europea\">\n    <div class=\"article-image\">\n                                <div class=\"post-image\">\n                <span class=\"bgr-item\"><\/span>\n                <a href=\"https:\/\/articulo30.org\/politica-defensa\/paper-62-efectos-amenazas-hibridas-espana-carmen-diaz-garcia\/\">\n                    <img decoding=\"async\"  class=\"lazy\" src=\"https:\/\/articulo30.org\/politica-defensa\/wp-content\/themes\/nerubian\/assets\/images\/layzyload-list.jpg\"  data-src=\"https:\/\/articulo30.org\/politica-defensa\/wp-content\/uploads\/Paper-62-292x190.jpg\" alt=\"post-image\"\/>\n                <\/a>\n                            <\/div>\n\n                \n    <\/div>\n    <div class=\"article-content \">\n\n        <div class=\"entry-header clearfix\">\n            <span class=\"post-cat\">                <a href=\"https:\/\/articulo30.org\/politica-defensa\/seccion\/ciberseguridad\/\"   title=\"\" >Ciberseguridad<\/a>\n                                             <a href=\"https:\/\/articulo30.org\/politica-defensa\/seccion\/policy-papers\/\"  title=\"\" >Policy Papers<\/a>\n                             <a href=\"https:\/\/articulo30.org\/politica-defensa\/seccion\/seguridad-nacional\/\"  title=\"\" >Seguridad Nacional<\/a>\n            <\/span>\n            <header class=\"entry-header-title\">\n                <h3 class=\"entry-title\"><a href=\"https:\/\/articulo30.org\/politica-defensa\/paper-62-efectos-amenazas-hibridas-espana-carmen-diaz-garcia\/\" rel=\"bookmark\">Efectos de las amenazas h\u00edbridas: el caso de Espa\u00f1a<\/a><\/h3>            <\/header>\n        <\/div>\n        <div class=\"article-meta clearfix\">\n            <span class=\"posted-on\"><i class=\"fa fa-clock-o\" aria-hidden=\"true\"><\/i><span class=\"screen-reader-text\">Posted on <\/span><a href=\"https:\/\/articulo30.org\/politica-defensa\/paper-62-efectos-amenazas-hibridas-espana-carmen-diaz-garcia\/\" rel=\"bookmark\"><time class=\"entry-date published\" datetime=\"2025-11-13T21:27:28+01:00\">13\/11\/2025<\/time><time class=\"updated\" datetime=\"2026-03-27T18:49:12+01:00\">27\/03\/2026<\/time><\/a><\/span>\t<div class=\"entry-meta-right\">\n\t\t\t\t\t<\/div>\n\n        <\/div>\n        <div class=\"entry-content\">\n            Paper 62 13 Noviembre 2025 La complejidad de fen\u00f3menos que caracterizan el siglo XXI han transformado el concepto tradicional de poder. La herencia multilateral del fin de los dos...\n        <\/div>\n\n    <\/div>\n<\/article><!-- #post-## -->\n                        <\/div>\n\n                        \n                        <div class=\"col-item col-xs-12 col-1\">\n                            <article  class=\"post-item post-list clearfix post-6677 post type-post status-publish format-standard has-post-thumbnail hentry category-policy-papers category-seguridad-nacional tag-economia tag-medioambiente tag-politica-gobierno tag-seguridad-nacional tag-sociedad-civil\">\n    <div class=\"article-image\">\n                                <div class=\"post-image\">\n                <span class=\"bgr-item\"><\/span>\n                <a href=\"https:\/\/articulo30.org\/politica-defensa\/paper-61-incendios-forestales-seguridad-nacional-rebeca-radio\/\">\n                    <img decoding=\"async\"  class=\"lazy\" src=\"https:\/\/articulo30.org\/politica-defensa\/wp-content\/themes\/nerubian\/assets\/images\/layzyload-list.jpg\"  data-src=\"https:\/\/articulo30.org\/politica-defensa\/wp-content\/uploads\/paper-61-1-292x190.jpg\" alt=\"post-image\"\/>\n                <\/a>\n                            <\/div>\n\n                \n    <\/div>\n    <div class=\"article-content \">\n\n        <div class=\"entry-header clearfix\">\n            <span class=\"post-cat\">                <a href=\"https:\/\/articulo30.org\/politica-defensa\/seccion\/policy-papers\/\"   title=\"\" >Policy Papers<\/a>\n                                             <a href=\"https:\/\/articulo30.org\/politica-defensa\/seccion\/seguridad-nacional\/\"  title=\"\" >Seguridad Nacional<\/a>\n            <\/span>\n            <header class=\"entry-header-title\">\n                <h3 class=\"entry-title\"><a href=\"https:\/\/articulo30.org\/politica-defensa\/paper-61-incendios-forestales-seguridad-nacional-rebeca-radio\/\" rel=\"bookmark\">Incendios forestales y seguridad nacional: el desaf\u00edo estrat\u00e9gico de la gesti\u00f3n del medio rural<\/a><\/h3>            <\/header>\n        <\/div>\n        <div class=\"article-meta clearfix\">\n            <span class=\"posted-on\"><i class=\"fa fa-clock-o\" aria-hidden=\"true\"><\/i><span class=\"screen-reader-text\">Posted on <\/span><a href=\"https:\/\/articulo30.org\/politica-defensa\/paper-61-incendios-forestales-seguridad-nacional-rebeca-radio\/\" rel=\"bookmark\"><time class=\"entry-date published\" datetime=\"2025-08-19T13:00:39+01:00\">19\/08\/2025<\/time><time class=\"updated\" datetime=\"2026-01-09T18:09:41+01:00\">09\/01\/2026<\/time><\/a><\/span>\t<div class=\"entry-meta-right\">\n\t\t\t\t\t<\/div>\n\n        <\/div>\n        <div class=\"entry-content\">\n            Paper 61 19 Agosto 2025 La Estrategia de Seguridad Nacional (ESN) del a\u00f1o 2021 constituye un marco de referencia esencial para la identificaci\u00f3n de riesgos y desaf\u00edos que afectan...\n        <\/div>\n\n    <\/div>\n<\/article><!-- #post-## -->\n                        <\/div>\n\n                        \n                        <div class=\"col-item col-xs-12 col-1\">\n                            <article  class=\"post-item post-list clearfix post-6643 post type-post status-publish format-standard has-post-thumbnail hentry category-espana category-inteligencia category-seguridad-nacional tag-actores-no-estatales tag-espana tag-estrategia-seguridad-nacional tag-fronteras tag-inmigracion tag-inteligencia tag-union-europea\">\n    <div class=\"article-image\">\n                                <div class=\"post-image\">\n                <span class=\"bgr-item\"><\/span>\n                <a href=\"https:\/\/articulo30.org\/politica-defensa\/el-flanco-sur-en-riesgo-inmigracion-ilegal-como-desafio-estrategico-para-espana-rebeca-dario\/\">\n                    <img decoding=\"async\"  class=\"lazy\" src=\"https:\/\/articulo30.org\/politica-defensa\/wp-content\/themes\/nerubian\/assets\/images\/layzyload-list.jpg\"  data-src=\"https:\/\/articulo30.org\/politica-defensa\/wp-content\/uploads\/297-292x190.jpg\" alt=\"post-image\"\/>\n                <\/a>\n                            <\/div>\n\n                \n    <\/div>\n    <div class=\"article-content \">\n\n        <div class=\"entry-header clearfix\">\n            <span class=\"post-cat\">                <a href=\"https:\/\/articulo30.org\/politica-defensa\/seccion\/espana\/\"   title=\"\" >Espa\u00f1a<\/a>\n                                             <a href=\"https:\/\/articulo30.org\/politica-defensa\/seccion\/inteligencia\/\"  title=\"\" >Inteligencia<\/a>\n                             <a href=\"https:\/\/articulo30.org\/politica-defensa\/seccion\/seguridad-nacional\/\"  title=\"\" >Seguridad Nacional<\/a>\n            <\/span>\n            <header class=\"entry-header-title\">\n                <h3 class=\"entry-title\"><a href=\"https:\/\/articulo30.org\/politica-defensa\/el-flanco-sur-en-riesgo-inmigracion-ilegal-como-desafio-estrategico-para-espana-rebeca-dario\/\" rel=\"bookmark\">El flanco sur en riesgo: inmigraci\u00f3n ilegal como desaf\u00edo estrat\u00e9gico para Espa\u00f1a<\/a><\/h3>            <\/header>\n        <\/div>\n        <div class=\"article-meta clearfix\">\n            <span class=\"posted-on\"><i class=\"fa fa-clock-o\" aria-hidden=\"true\"><\/i><span class=\"screen-reader-text\">Posted on <\/span><a href=\"https:\/\/articulo30.org\/politica-defensa\/el-flanco-sur-en-riesgo-inmigracion-ilegal-como-desafio-estrategico-para-espana-rebeca-dario\/\" rel=\"bookmark\"><time class=\"entry-date published\" datetime=\"2025-05-29T11:03:43+01:00\">29\/05\/2025<\/time><time class=\"updated\" datetime=\"2025-07-08T17:54:33+01:00\">08\/07\/2025<\/time><\/a><\/span>\t<div class=\"entry-meta-right\">\n\t\t\t\t\t<\/div>\n\n        <\/div>\n        <div class=\"entry-content\">\n            An\u00e1lisis 297 29 Mayo 2025 La inmigraci\u00f3n ilegal constituye uno de los desaf\u00edos m\u00e1s complejos y persistentes para Espa\u00f1a y, por extensi\u00f3n, para la Uni\u00f3n Europea. En un entorno...\n        <\/div>\n\n    <\/div>\n<\/article><!-- #post-## -->\n                        <\/div>\n\n                        \n                        <div class=\"col-item col-xs-12 col-1\">\n                            <article  class=\"post-item post-list clearfix post-6439 post type-post status-publish format-standard has-post-thumbnail hentry category-espana category-seguridad-nacional category-union-europea tag-espana tag-fronteras tag-guardia-civil tag-narcotrafico tag-onu tag-seguridad-nacional tag-union-europea\">\n    <div class=\"article-image\">\n                                <div class=\"post-image\">\n                <span class=\"bgr-item\"><\/span>\n                <a href=\"https:\/\/articulo30.org\/politica-defensa\/hostis-generis-humani\/\">\n                    <img decoding=\"async\"  class=\"lazy\" src=\"https:\/\/articulo30.org\/politica-defensa\/wp-content\/themes\/nerubian\/assets\/images\/layzyload-list.jpg\"  data-src=\"https:\/\/articulo30.org\/politica-defensa\/wp-content\/uploads\/patrulla-guardia-civil-292x190.jpeg\" alt=\"post-image\"\/>\n                <\/a>\n                            <\/div>\n\n                \n    <\/div>\n    <div class=\"article-content \">\n\n        <div class=\"entry-header clearfix\">\n            <span class=\"post-cat\">                <a href=\"https:\/\/articulo30.org\/politica-defensa\/seccion\/espana\/\"   title=\"\" >Espa\u00f1a<\/a>\n                                             <a href=\"https:\/\/articulo30.org\/politica-defensa\/seccion\/seguridad-nacional\/\"  title=\"\" >Seguridad Nacional<\/a>\n                             <a href=\"https:\/\/articulo30.org\/politica-defensa\/seccion\/union-europea\/\"  title=\"\" >Uni\u00f3n Europea<\/a>\n            <\/span>\n            <header class=\"entry-header-title\">\n                <h3 class=\"entry-title\"><a href=\"https:\/\/articulo30.org\/politica-defensa\/hostis-generis-humani\/\" rel=\"bookmark\">\u00abHostis Generis Humani\u00bb o la necesaria supremac\u00eda del Estado de Derecho<\/a><\/h3>            <\/header>\n        <\/div>\n        <div class=\"article-meta clearfix\">\n            <span class=\"posted-on\"><i class=\"fa fa-clock-o\" aria-hidden=\"true\"><\/i><span class=\"screen-reader-text\">Posted on <\/span><a href=\"https:\/\/articulo30.org\/politica-defensa\/hostis-generis-humani\/\" rel=\"bookmark\"><time class=\"entry-date published\" datetime=\"2024-03-18T11:46:31+01:00\">18\/03\/2024<\/time><time class=\"updated\" datetime=\"2025-01-20T20:22:46+01:00\">20\/01\/2025<\/time><\/a><\/span>\t<div class=\"entry-meta-right\">\n\t\t\t\t\t<\/div>\n\n        <\/div>\n        <div class=\"entry-content\">\n            18 Marzo 2024 El pasado viernes 9 de febrero dos guardias civiles fueron brutalmente asesinados al ser arrollada su peque\u00f1a embarcaci\u00f3n por una potente narcolancha que se encontraba en...\n        <\/div>\n\n    <\/div>\n<\/article><!-- #post-## -->\n                        <\/div>\n\n                        \n                        <div class=\"col-item col-xs-12 col-1\">\n                            <article  class=\"post-item post-list clearfix post-6397 post type-post status-publish format-standard has-post-thumbnail hentry category-actores-no-estatales category-cultura-estrategica category-internacional category-seguridad-nacional tag-actores-no-estatales tag-analisis-de-conflictos tag-geopolitica tag-narcotrafico tag-seguridad-nacional\">\n    <div class=\"article-image\">\n                                <div class=\"post-image\">\n                <span class=\"bgr-item\"><\/span>\n                <a href=\"https:\/\/articulo30.org\/politica-defensa\/narcotrafico-geopolitica-droga\/\">\n                    <img decoding=\"async\"  class=\"lazy\" src=\"https:\/\/articulo30.org\/politica-defensa\/wp-content\/themes\/nerubian\/assets\/images\/layzyload-list.jpg\"  data-src=\"https:\/\/articulo30.org\/politica-defensa\/wp-content\/uploads\/analisis-287-292x190.jpg\" alt=\"post-image\"\/>\n                <\/a>\n                            <\/div>\n\n                \n    <\/div>\n    <div class=\"article-content \">\n\n        <div class=\"entry-header clearfix\">\n            <span class=\"post-cat\">                <a href=\"https:\/\/articulo30.org\/politica-defensa\/seccion\/actores-no-estatales\/\"   title=\"\" >Actores no estatales<\/a>\n                                             <a href=\"https:\/\/articulo30.org\/politica-defensa\/seccion\/cultura-estrategica\/\"  title=\"\" >Cultura Estrat\u00e9gica<\/a>\n                             <a href=\"https:\/\/articulo30.org\/politica-defensa\/seccion\/internacional\/\"  title=\"\" >Internacional<\/a>\n                             <a href=\"https:\/\/articulo30.org\/politica-defensa\/seccion\/seguridad-nacional\/\"  title=\"\" >Seguridad Nacional<\/a>\n            <\/span>\n            <header class=\"entry-header-title\">\n                <h3 class=\"entry-title\"><a href=\"https:\/\/articulo30.org\/politica-defensa\/narcotrafico-geopolitica-droga\/\" rel=\"bookmark\">Narcotr\u00e1fico y la geopol\u00edtica de la droga<\/a><\/h3>            <\/header>\n        <\/div>\n        <div class=\"article-meta clearfix\">\n            <span class=\"posted-on\"><i class=\"fa fa-clock-o\" aria-hidden=\"true\"><\/i><span class=\"screen-reader-text\">Posted on <\/span><a href=\"https:\/\/articulo30.org\/politica-defensa\/narcotrafico-geopolitica-droga\/\" rel=\"bookmark\"><time class=\"entry-date published\" datetime=\"2023-10-01T09:30:05+01:00\">01\/10\/2023<\/time><time class=\"updated\" datetime=\"2024-01-18T21:49:50+01:00\">18\/01\/2024<\/time><\/a><\/span>\t<div class=\"entry-meta-right\">\n\t\t\t\t\t<\/div>\n\n        <\/div>\n        <div class=\"entry-content\">\n            An\u00e1lisis 287 1 Octubre 2023 El narcotr\u00e1fico, junto al terrorismo, representa la mayor amenaza para la seguridad y la estabilidad porque las organizaciones que lo protagonizan se convierten en...\n        <\/div>\n\n    <\/div>\n<\/article><!-- #post-## -->\n                        <\/div>\n\n                        \n                        <div class=\"col-item col-xs-12 col-1\">\n                            <article  class=\"post-item post-list clearfix post-6345 post type-post status-publish format-standard has-post-thumbnail hentry category-cultura-estrategica category-espana category-seguridad-nacional tag-elecciones tag-partido-popular tag-politica-gobierno tag-politica-partidos tag-politica-de-defensa tag-psoe tag-sumar tag-vox\">\n    <div class=\"article-image\">\n                                <div class=\"post-image\">\n                <span class=\"bgr-item\"><\/span>\n                <a href=\"https:\/\/articulo30.org\/politica-defensa\/analisis-programa-elecciones-generales-2023\/\">\n                    <img decoding=\"async\"  class=\"lazy\" src=\"https:\/\/articulo30.org\/politica-defensa\/wp-content\/themes\/nerubian\/assets\/images\/layzyload-list.jpg\"  data-src=\"https:\/\/articulo30.org\/politica-defensa\/wp-content\/uploads\/elecciones-generales-23J-292x190.jpeg\" alt=\"post-image\"\/>\n                <\/a>\n                            <\/div>\n\n                \n    <\/div>\n    <div class=\"article-content \">\n\n        <div class=\"entry-header clearfix\">\n            <span class=\"post-cat\">                <a href=\"https:\/\/articulo30.org\/politica-defensa\/seccion\/cultura-estrategica\/\"   title=\"\" >Cultura Estrat\u00e9gica<\/a>\n                                             <a href=\"https:\/\/articulo30.org\/politica-defensa\/seccion\/espana\/\"  title=\"\" >Espa\u00f1a<\/a>\n                             <a href=\"https:\/\/articulo30.org\/politica-defensa\/seccion\/seguridad-nacional\/\"  title=\"\" >Seguridad Nacional<\/a>\n            <\/span>\n            <header class=\"entry-header-title\">\n                <h3 class=\"entry-title\"><a href=\"https:\/\/articulo30.org\/politica-defensa\/analisis-programa-elecciones-generales-2023\/\" rel=\"bookmark\">Propuestas electorales sobre Seguridad y Defensa<\/a><\/h3>            <\/header>\n        <\/div>\n        <div class=\"article-meta clearfix\">\n            <span class=\"posted-on\"><i class=\"fa fa-clock-o\" aria-hidden=\"true\"><\/i><span class=\"screen-reader-text\">Posted on <\/span><a href=\"https:\/\/articulo30.org\/politica-defensa\/analisis-programa-elecciones-generales-2023\/\" rel=\"bookmark\"><time class=\"entry-date published\" datetime=\"2023-07-21T16:00:31+01:00\">21\/07\/2023<\/time><time class=\"updated\" datetime=\"2024-03-18T20:07:44+01:00\">18\/03\/2024<\/time><\/a><\/span>\t<div class=\"entry-meta-right\">\n\t\t\t\t\t<\/div>\n\n        <\/div>\n        <div class=\"entry-content\">\n            Elecciones Generales 2023 Del resultado de las elecciones generales depender\u00e1, desgraciadamente, la pol\u00edtica de defensa, la de exteriores y la de los asuntos estrat\u00e9gicos de seguridad. Las coaliciones y...\n        <\/div>\n\n    <\/div>\n<\/article><!-- #post-## -->\n                        <\/div>\n\n                        \n                        <div class=\"col-item col-xs-12 col-1\">\n                            <article  class=\"post-item post-list clearfix post-6332 post type-post status-publish format-standard has-post-thumbnail hentry category-espana category-seguridad-nacional tag-elecciones tag-espana tag-politica-gobierno tag-politica-partidos tag-politica-de-defensa tag-psoe\">\n    <div class=\"article-image\">\n                                <div class=\"post-image\">\n                <span class=\"bgr-item\"><\/span>\n                <a href=\"https:\/\/articulo30.org\/politica-defensa\/propuestas-psoe-elecciones-generales-2023\/\">\n                    <img decoding=\"async\"  class=\"lazy\" src=\"https:\/\/articulo30.org\/politica-defensa\/wp-content\/themes\/nerubian\/assets\/images\/layzyload-list.jpg\"  data-src=\"https:\/\/articulo30.org\/politica-defensa\/wp-content\/uploads\/logo-PSOE-292x190.png\" alt=\"post-image\"\/>\n                <\/a>\n                            <\/div>\n\n                \n    <\/div>\n    <div class=\"article-content \">\n\n        <div class=\"entry-header clearfix\">\n            <span class=\"post-cat\">                <a href=\"https:\/\/articulo30.org\/politica-defensa\/seccion\/espana\/\"   title=\"\" >Espa\u00f1a<\/a>\n                                             <a href=\"https:\/\/articulo30.org\/politica-defensa\/seccion\/seguridad-nacional\/\"  title=\"\" >Seguridad Nacional<\/a>\n            <\/span>\n            <header class=\"entry-header-title\">\n                <h3 class=\"entry-title\"><a href=\"https:\/\/articulo30.org\/politica-defensa\/propuestas-psoe-elecciones-generales-2023\/\" rel=\"bookmark\">Propuestas PSOE sobre Seguridad y Defensa para las elecciones del 23-J<\/a><\/h3>            <\/header>\n        <\/div>\n        <div class=\"article-meta clearfix\">\n            <span class=\"posted-on\"><i class=\"fa fa-clock-o\" aria-hidden=\"true\"><\/i><span class=\"screen-reader-text\">Posted on <\/span><a href=\"https:\/\/articulo30.org\/politica-defensa\/propuestas-psoe-elecciones-generales-2023\/\" rel=\"bookmark\"><time class=\"entry-date published\" datetime=\"2023-07-21T14:00:06+01:00\">21\/07\/2023<\/time><time class=\"updated\" datetime=\"2023-10-17T09:16:03+01:00\">17\/10\/2023<\/time><\/a><\/span>\t<div class=\"entry-meta-right\">\n\t\t\t\t\t<\/div>\n\n        <\/div>\n        <div class=\"entry-content\">\n            Elecciones Generales 2023 Programa Los cambios en la arquitectura internacional de seguridad producidos durante la \u00faltima d\u00e9cada, tanto por la erosi\u00f3n del orden internacional, el incremento del recurso a...\n        <\/div>\n\n    <\/div>\n<\/article><!-- #post-## -->\n                        <\/div>\n\n                        \n                        <div class=\"col-item col-xs-12 col-1\">\n                            <article  class=\"post-item post-list clearfix post-6328 post type-post status-publish format-standard has-post-thumbnail hentry category-espana category-seguridad-nacional tag-elecciones tag-espana tag-partido-popular tag-politica-gobierno tag-politica-partidos tag-politica-de-defensa\">\n    <div class=\"article-image\">\n                                <div class=\"post-image\">\n                <span class=\"bgr-item\"><\/span>\n                <a href=\"https:\/\/articulo30.org\/politica-defensa\/propuestas-partido-popular-elecciones-generales-2023\/\">\n                    <img decoding=\"async\"  class=\"lazy\" src=\"https:\/\/articulo30.org\/politica-defensa\/wp-content\/themes\/nerubian\/assets\/images\/layzyload-list.jpg\"  data-src=\"https:\/\/articulo30.org\/politica-defensa\/wp-content\/uploads\/logo-PP-292x190.jpg\" alt=\"post-image\"\/>\n                <\/a>\n                            <\/div>\n\n                \n    <\/div>\n    <div class=\"article-content \">\n\n        <div class=\"entry-header clearfix\">\n            <span class=\"post-cat\">                <a href=\"https:\/\/articulo30.org\/politica-defensa\/seccion\/espana\/\"   title=\"\" >Espa\u00f1a<\/a>\n                                             <a href=\"https:\/\/articulo30.org\/politica-defensa\/seccion\/seguridad-nacional\/\"  title=\"\" >Seguridad Nacional<\/a>\n            <\/span>\n            <header class=\"entry-header-title\">\n                <h3 class=\"entry-title\"><a href=\"https:\/\/articulo30.org\/politica-defensa\/propuestas-partido-popular-elecciones-generales-2023\/\" rel=\"bookmark\">Propuestas del Partido Popular sobre Seguridad y Defensa para las elecciones del 23-J<\/a><\/h3>            <\/header>\n        <\/div>\n        <div class=\"article-meta clearfix\">\n            <span class=\"posted-on\"><i class=\"fa fa-clock-o\" aria-hidden=\"true\"><\/i><span class=\"screen-reader-text\">Posted on <\/span><a href=\"https:\/\/articulo30.org\/politica-defensa\/propuestas-partido-popular-elecciones-generales-2023\/\" rel=\"bookmark\"><time class=\"entry-date published\" datetime=\"2023-07-21T13:30:34+01:00\">21\/07\/2023<\/time><time class=\"updated\" datetime=\"2023-10-17T09:15:54+01:00\">17\/10\/2023<\/time><\/a><\/span>\t<div class=\"entry-meta-right\">\n\t\t\t\t\t<\/div>\n\n        <\/div>\n        <div class=\"entry-content\">\n            Elecciones Generales 2023 Programa De las 365 medidas que se proponen en el programa electoral, se comienza a hablar sobre seguridad y defensa a partir de la p\u00e1gina 80....\n        <\/div>\n\n    <\/div>\n<\/article><!-- #post-## -->\n                        <\/div>\n\n                                            <\/div>\n    <\/div>\n\n                <div class=\"navigation pagination clearfix\">\r\n                                            <span class=\"page-numbers current\">1<\/span>\r\n                                                    <a href=\"https:\/\/articulo30.org\/politica-defensa\/wp-json\/wp\/v2\/pages\/2870\/page\/2\/\" class=\"inactive page-numbers\">2<\/a>\r\n                                                        <a href=\"https:\/\/articulo30.org\/politica-defensa\/wp-json\/wp\/v2\/pages\/2870\/page\/3\/\" class=\"inactive page-numbers\">3<\/a>\r\n                                                        <a href=\"https:\/\/articulo30.org\/politica-defensa\/wp-json\/wp\/v2\/pages\/2870\/page\/4\/\" class=\"inactive page-numbers\">4<\/a>\r\n                                                        <a href=\"https:\/\/articulo30.org\/politica-defensa\/wp-json\/wp\/v2\/pages\/2870\/page\/5\/\" class=\"inactive page-numbers\">5<\/a>\r\n                                                <a class=\"next page-numbers\" href=\"https:\/\/articulo30.org\/politica-defensa\/wp-json\/wp\/v2\/pages\/2870\/page\/2\/\"><i class=\"fa fa-angle-right\"><\/i><\/a>\r\n                            <\/div>\r\n            <\/div>\n","protected":false},"excerpt":{"rendered":"","protected":false},"author":4,"featured_media":0,"parent":0,"menu_order":0,"comment_status":"closed","ping_status":"closed","template":"","meta":{"footnotes":""},"class_list":["post-2870","page","type-page","status-publish","hentry"],"_links":{"self":[{"href":"https:\/\/articulo30.org\/politica-defensa\/wp-json\/wp\/v2\/pages\/2870","targetHints":{"allow":["GET"]}}],"collection":[{"href":"https:\/\/articulo30.org\/politica-defensa\/wp-json\/wp\/v2\/pages"}],"about":[{"href":"https:\/\/articulo30.org\/politica-defensa\/wp-json\/wp\/v2\/types\/page"}],"author":[{"embeddable":true,"href":"https:\/\/articulo30.org\/politica-defensa\/wp-json\/wp\/v2\/users\/4"}],"replies":[{"embeddable":true,"href":"https:\/\/articulo30.org\/politica-defensa\/wp-json\/wp\/v2\/comments?post=2870"}],"version-history":[{"count":3,"href":"https:\/\/articulo30.org\/politica-defensa\/wp-json\/wp\/v2\/pages\/2870\/revisions"}],"predecessor-version":[{"id":6196,"href":"https:\/\/articulo30.org\/politica-defensa\/wp-json\/wp\/v2\/pages\/2870\/revisions\/6196"}],"wp:attachment":[{"href":"https:\/\/articulo30.org\/politica-defensa\/wp-json\/wp\/v2\/media?parent=2870"}],"curies":[{"name":"wp","href":"https:\/\/api.w.org\/{rel}","templated":true}]}}